{"id":101,"date":"2025-05-02T08:00:38","date_gmt":"2025-05-02T08:00:38","guid":{"rendered":"https:\/\/ucef.fi\/?page_id=101"},"modified":"2025-05-16T10:30:07","modified_gmt":"2025-05-16T10:30:07","slug":"kymmenen-teesia-taydennyskoulutuksesta","status":"publish","type":"page","link":"https:\/\/ucef.fi\/index.php\/ucef\/kymmenen-teesia-taydennyskoulutuksesta\/","title":{"rendered":"Kymmenen teesi\u00e4 t\u00e4ydennyskoulutuksesta"},"content":{"rendered":"<p>[et_pb_section fb_built=&#8221;1&#8243; fullwidth=&#8221;on&#8221; _builder_version=&#8221;4.27.4&#8243; _module_preset=&#8221;default&#8221; global_colors_info=&#8221;{}&#8221; theme_builder_area=&#8221;post_content&#8221;][et_pb_fullwidth_post_title meta=&#8221;off&#8221; featured_placement=&#8221;background&#8221; text_color=&#8221;light&#8221; _builder_version=&#8221;4.27.4&#8243; _module_preset=&#8221;default&#8221; text_orientation=&#8221;center&#8221; title_text_shadow_style=&#8221;preset3&#8243; global_colors_info=&#8221;{}&#8221; theme_builder_area=&#8221;post_content&#8221;][\/et_pb_fullwidth_post_title][\/et_pb_section][et_pb_section fb_built=&#8221;1&#8243; _builder_version=&#8221;4.27.4&#8243; _module_preset=&#8221;default&#8221; custom_padding=&#8221;0px|||||&#8221; global_colors_info=&#8221;{}&#8221; theme_builder_area=&#8221;post_content&#8221;][et_pb_row _builder_version=&#8221;4.27.4&#8243; _module_preset=&#8221;default&#8221; global_colors_info=&#8221;{}&#8221; theme_builder_area=&#8221;post_content&#8221;][et_pb_column type=&#8221;4_4&#8243; _builder_version=&#8221;4.27.4&#8243; _module_preset=&#8221;default&#8221; global_colors_info=&#8221;{}&#8221; theme_builder_area=&#8221;post_content&#8221;][et_pb_text _builder_version=&#8221;4.27.4&#8243; _module_preset=&#8221;default&#8221; hover_enabled=&#8221;0&#8243; global_colors_info=&#8221;{}&#8221; theme_builder_area=&#8221;post_content&#8221; sticky_enabled=&#8221;0&#8243;]<\/p>\n<p><strong>UCEF-verkoston ty\u00f6valiokunnassa on kev\u00e4\u00e4n 2020 aikana k\u00e4yty runsasta keskustelua t\u00e4ydennyskoulutuksen asemasta jatkuvan oppimisen kokonaisuudessa. Keskustelujen tuloksena tuotimme kymmenen teesi\u00e4 t\u00e4ydennyskoulutuksesta:<\/strong><\/p>\n<p>[\/et_pb_text][\/et_pb_column][\/et_pb_row][et_pb_row _builder_version=&#8221;4.27.4&#8243; _module_preset=&#8221;default&#8221; theme_builder_area=&#8221;post_content&#8221; column_structure=&#8221;1_3,1_3,1_3&#8243;][et_pb_column _builder_version=&#8221;4.27.4&#8243; _module_preset=&#8221;default&#8221; type=&#8221;1_3&#8243; theme_builder_area=&#8221;post_content&#8221;][et_pb_heading title=&#8221;1&#8243; _builder_version=&#8221;4.27.4&#8243; _module_preset=&#8221;default&#8221; theme_builder_area=&#8221;post_content&#8221; background_color=&#8221;#00A4AF&#8221; title_font=&#8221;|800|||||||&#8221; title_text_color=&#8221;#FFFFFF&#8221; title_text_align=&#8221;center&#8221; module_alignment=&#8221;center&#8221; custom_margin=&#8221;||||false|false&#8221; custom_padding=&#8221;10px|10px|10px|10px|false|false&#8221; border_radii=&#8221;on|50%|50%|50%|50%&#8221; hover_enabled=&#8221;0&#8243; sticky_enabled=&#8221;0&#8243; max_width=&#8221;100px&#8221; max_height=&#8221;100px&#8221; height=&#8221;100px&#8221; width=&#8221;100px&#8221; title_font_size=&#8221;69px&#8221;][\/et_pb_heading][et_pb_text _builder_version=&#8221;4.27.4&#8243; _module_preset=&#8221;default&#8221; theme_builder_area=&#8221;post_content&#8221; text_orientation=&#8221;center&#8221; hover_enabled=&#8221;0&#8243; sticky_enabled=&#8221;0&#8243;]<\/p>\n<p><strong>Yliopistojen t\u00e4ydennyskoulutus on merkitt\u00e4v\u00e4 osa jatkuvaa oppimista.<\/strong>\u00a0Liiketoimintaperusteinen t\u00e4ydennyskoulutus mahdollistaa yksil\u00f6ille ja organisaatioille uusimpaan tutkimukseen perustuvat, ty\u00f6el\u00e4m\u00e4n nopeasti muuttuviin tarpeisiin vastaavat koulutukset. Yhteisrahoitteinen t\u00e4ydennyskoulutus taas mahdollistaa toimialojen uudistamisen.<\/p>\n<p>[\/et_pb_text][\/et_pb_column][et_pb_column _builder_version=&#8221;4.27.4&#8243; _module_preset=&#8221;default&#8221; type=&#8221;1_3&#8243; theme_builder_area=&#8221;post_content&#8221;][et_pb_heading title=&#8221;2&#8243; _builder_version=&#8221;4.27.4&#8243; _module_preset=&#8221;default&#8221; theme_builder_area=&#8221;post_content&#8221; background_color=&#8221;#00A4AF&#8221; title_font=&#8221;|800|||||||&#8221; title_text_color=&#8221;#FFFFFF&#8221; title_text_align=&#8221;center&#8221; module_alignment=&#8221;center&#8221; custom_margin=&#8221;||||false|false&#8221; custom_padding=&#8221;10px|10px|10px|10px|false|false&#8221; border_radii=&#8221;on|50%|50%|50%|50%&#8221; hover_enabled=&#8221;0&#8243; sticky_enabled=&#8221;0&#8243; max_width=&#8221;100px&#8221; max_height=&#8221;100px&#8221; height=&#8221;100px&#8221; width=&#8221;100px&#8221; title_font_size=&#8221;69px&#8221;][\/et_pb_heading][et_pb_text _builder_version=&#8221;4.27.4&#8243; _module_preset=&#8221;default&#8221; theme_builder_area=&#8221;post_content&#8221; text_orientation=&#8221;center&#8221; hover_enabled=&#8221;0&#8243; sticky_enabled=&#8221;0&#8243;]<\/p>\n<p><strong>Maksullinen ja liiketoimintaperusteinen t\u00e4ydennyskoulutus on v\u00e4yl\u00e4 yliopistolle ymm\u00e4rt\u00e4\u00e4 ty\u00f6n, asiantuntemuksen ja ammattien muutosta.<\/strong>\u00a0T\u00e4ydennyskoulutuksella kehitet\u00e4\u00e4n ja uudistetaan konkreettisesti ty\u00f6el\u00e4m\u00e4n ammattik\u00e4yt\u00e4nt\u00f6j\u00e4, mik\u00e4 on olennainen osa yliopiston yhteiskunnallista vaikuttavuutta, ja vuoropuhelussa asiakkaiden kanssa yliopisto voi kehitt\u00e4\u00e4 palvelujensa tuotteistamista, kaupallistamista ja uusia innovaatioita.<\/p>\n<p>.<\/p>\n<p>[\/et_pb_text][\/et_pb_column][et_pb_column _builder_version=&#8221;4.27.4&#8243; _module_preset=&#8221;default&#8221; type=&#8221;1_3&#8243; theme_builder_area=&#8221;post_content&#8221;][et_pb_heading title=&#8221;3&#8243; _builder_version=&#8221;4.27.4&#8243; _module_preset=&#8221;default&#8221; theme_builder_area=&#8221;post_content&#8221; background_color=&#8221;#00A4AF&#8221; title_font=&#8221;|800|||||||&#8221; title_text_color=&#8221;#FFFFFF&#8221; title_text_align=&#8221;center&#8221; module_alignment=&#8221;center&#8221; custom_margin=&#8221;||||false|false&#8221; custom_padding=&#8221;10px|10px|10px|10px|false|false&#8221; border_radii=&#8221;on|50%|50%|50%|50%&#8221; hover_enabled=&#8221;0&#8243; sticky_enabled=&#8221;0&#8243; max_width=&#8221;100px&#8221; max_height=&#8221;100px&#8221; height=&#8221;100px&#8221; width=&#8221;100px&#8221; title_font_size=&#8221;69px&#8221;][\/et_pb_heading][et_pb_text _builder_version=&#8221;4.27.4&#8243; _module_preset=&#8221;default&#8221; theme_builder_area=&#8221;post_content&#8221; text_orientation=&#8221;center&#8221; hover_enabled=&#8221;0&#8243; sticky_enabled=&#8221;0&#8243;]<\/p>\n<p><strong>Yliopistojen t\u00e4ydennyskoulutustoimijoiden osaaminen, verkostot ja hyv\u00e4t k\u00e4yt\u00e4nn\u00f6t ovat osa jatkuvan oppimisen kokonaisuuden kehitt\u00e4mist\u00e4.<\/strong>\u00a0T\u00e4ydennyskoulutuksella on laaja ty\u00f6el\u00e4m\u00e4kent\u00e4n tuntemus sek\u00e4 vahvaa osaamista ja pitk\u00e4aikaista kokemusta niin t\u00e4ydennyskoulutusten organisoinnista ja monimuotoisista toteutustavoista kuin aikuispedagogiikasta ja palvelumuotoilustakin. Maksavan asiakkaan kanssa ty\u00f6skentelyss\u00e4 esille nousevat liiketoiminnan kehitt\u00e4misen n\u00e4k\u00f6kohdat, jotka eroavat osin yliopiston muun koulutustoiminnan vaatimuksista.<\/p>\n<p>[\/et_pb_text][\/et_pb_column][\/et_pb_row][et_pb_row _builder_version=&#8221;4.27.4&#8243; _module_preset=&#8221;default&#8221; theme_builder_area=&#8221;post_content&#8221; column_structure=&#8221;1_3,1_3,1_3&#8243;][et_pb_column _builder_version=&#8221;4.27.4&#8243; _module_preset=&#8221;default&#8221; type=&#8221;1_3&#8243; theme_builder_area=&#8221;post_content&#8221;][et_pb_heading title=&#8221;4&#8243; _builder_version=&#8221;4.27.4&#8243; _module_preset=&#8221;default&#8221; theme_builder_area=&#8221;post_content&#8221; background_color=&#8221;#00A4AF&#8221; title_font=&#8221;|800|||||||&#8221; title_text_color=&#8221;#FFFFFF&#8221; title_text_align=&#8221;center&#8221; module_alignment=&#8221;center&#8221; custom_margin=&#8221;||||false|false&#8221; custom_padding=&#8221;10px|10px|10px|10px|false|false&#8221; border_radii=&#8221;on|50%|50%|50%|50%&#8221; hover_enabled=&#8221;0&#8243; sticky_enabled=&#8221;0&#8243; max_width=&#8221;100px&#8221; max_height=&#8221;100px&#8221; height=&#8221;100px&#8221; width=&#8221;100px&#8221; title_font_size=&#8221;69px&#8221;][\/et_pb_heading][et_pb_text _builder_version=&#8221;4.27.4&#8243; _module_preset=&#8221;default&#8221; theme_builder_area=&#8221;post_content&#8221; text_orientation=&#8221;center&#8221; hover_enabled=&#8221;0&#8243; sticky_enabled=&#8221;0&#8243;]<\/p>\n<p><strong>Jatkuvan oppimisen eri toimijoiden yhteinen keskustelu on t\u00e4rke\u00e4\u00e4 jatkuvan oppimisen kokonaisuuden hahmottamiseksi ja palvelutarjonnan j\u00e4rkev\u00e4ksi suuntaamiseksi eri kohderyhmille.<\/strong>\u00a0Keskin\u00e4inen kilpailu ja p\u00e4\u00e4llekk\u00e4inen tarjonta ei ole kenenk\u00e4\u00e4n etu, vaan toimijoiden yhteisty\u00f6n kautta pystyt\u00e4\u00e4n rakentamaan my\u00f6s kokonaan uudenlaisia koulutuskombinaatioita vastaamaan niin ty\u00f6el\u00e4m\u00e4n organisaatioiden kuin asiantuntijoiden ammatillisen kehittymisen tarpeisiinkin.<\/p>\n<p>[\/et_pb_text][\/et_pb_column][et_pb_column _builder_version=&#8221;4.27.4&#8243; _module_preset=&#8221;default&#8221; type=&#8221;1_3&#8243; theme_builder_area=&#8221;post_content&#8221;][et_pb_heading title=&#8221;5&#8243; _builder_version=&#8221;4.27.4&#8243; _module_preset=&#8221;default&#8221; theme_builder_area=&#8221;post_content&#8221; background_color=&#8221;#00A4AF&#8221; title_font=&#8221;|800|||||||&#8221; title_text_color=&#8221;#FFFFFF&#8221; title_text_align=&#8221;center&#8221; module_alignment=&#8221;center&#8221; custom_margin=&#8221;||||false|false&#8221; custom_padding=&#8221;10px|10px|10px|10px|false|false&#8221; border_radii=&#8221;on|50%|50%|50%|50%&#8221; hover_enabled=&#8221;0&#8243; sticky_enabled=&#8221;0&#8243; max_width=&#8221;100px&#8221; max_height=&#8221;100px&#8221; height=&#8221;100px&#8221; width=&#8221;100px&#8221; title_font_size=&#8221;69px&#8221;][\/et_pb_heading][et_pb_text _builder_version=&#8221;4.27.4&#8243; _module_preset=&#8221;default&#8221; theme_builder_area=&#8221;post_content&#8221; text_orientation=&#8221;center&#8221; hover_enabled=&#8221;0&#8243; sticky_enabled=&#8221;0&#8243;]<\/p>\n<p><strong>Asiakkaan n\u00e4k\u00f6kulmasta jatkuvan oppimisen palvelujen tulee n\u00e4ytt\u00e4yty\u00e4 yhten\u00e4 kokonaisuutena toteutusmuodoista riippumatta.<\/strong>\u00a0Yhdistelem\u00e4ll\u00e4 jatkuvan oppimisen muotoja palvelumuotoilun keinoin rakennetaan saumaton asiakaskokemus ja voidaan my\u00f6s tuottaa uusia koulutuskokonaisuuksia. Toteutusmuotona erikoistumiskoulutuksen tarkoituksena on tutkinnon j\u00e4lkeisen osaamisen syvent\u00e4minen, t\u00e4ydennyskoulutus t\u00e4ht\u00e4\u00e4 joustavaan osaamisen kehitt\u00e4miseen ja ammatilliseen kasvuun, ja avoin yliopisto perustutkinnon osista koostettuun osaamisen p\u00e4ivitt\u00e4miseen, kehitt\u00e4miseen ja yleissivistykseen sek\u00e4 yhdeksi valintav\u00e4yl\u00e4ksi tutkinto-opiskeluun.<\/p>\n<p>.<\/p>\n<p>[\/et_pb_text][\/et_pb_column][et_pb_column _builder_version=&#8221;4.27.4&#8243; _module_preset=&#8221;default&#8221; type=&#8221;1_3&#8243; theme_builder_area=&#8221;post_content&#8221;][et_pb_heading title=&#8221;6&#8243; _builder_version=&#8221;4.27.4&#8243; _module_preset=&#8221;default&#8221; theme_builder_area=&#8221;post_content&#8221; background_color=&#8221;#00A4AF&#8221; title_font=&#8221;|800|||||||&#8221; title_text_color=&#8221;#FFFFFF&#8221; title_text_align=&#8221;center&#8221; module_alignment=&#8221;center&#8221; custom_margin=&#8221;||||false|false&#8221; custom_padding=&#8221;10px|10px|10px|10px|false|false&#8221; border_radii=&#8221;on|50%|50%|50%|50%&#8221; hover_enabled=&#8221;0&#8243; sticky_enabled=&#8221;0&#8243; max_width=&#8221;100px&#8221; max_height=&#8221;100px&#8221; height=&#8221;100px&#8221; width=&#8221;100px&#8221; title_font_size=&#8221;69px&#8221;][\/et_pb_heading][et_pb_text _builder_version=&#8221;4.27.4&#8243; _module_preset=&#8221;default&#8221; theme_builder_area=&#8221;post_content&#8221; text_orientation=&#8221;center&#8221; hover_enabled=&#8221;0&#8243; sticky_enabled=&#8221;0&#8243;]<\/p>\n<p><strong>Yliopistojen t\u00e4ydennyskoulutus on huomioitava opintorekisteri- ym. j\u00e4rjestelmien uusimisessa ja rekister\u00f6it\u00e4v\u00e4 siell\u00e4 suoritetut opintopisteet yhdenvertaisesti yliopistojen muiden opiskelumuotojen kanssa.<\/strong>\u00a0(SISU\/PEPPI)<\/p>\n<p>[\/et_pb_text][\/et_pb_column][\/et_pb_row][et_pb_row _builder_version=&#8221;4.27.4&#8243; _module_preset=&#8221;default&#8221; theme_builder_area=&#8221;post_content&#8221; column_structure=&#8221;1_3,1_3,1_3&#8243;][et_pb_column _builder_version=&#8221;4.27.4&#8243; _module_preset=&#8221;default&#8221; type=&#8221;1_3&#8243; theme_builder_area=&#8221;post_content&#8221;][et_pb_heading title=&#8221;7&#8243; _builder_version=&#8221;4.27.4&#8243; _module_preset=&#8221;default&#8221; theme_builder_area=&#8221;post_content&#8221; background_color=&#8221;#00A4AF&#8221; title_font=&#8221;|800|||||||&#8221; title_text_color=&#8221;#FFFFFF&#8221; title_text_align=&#8221;center&#8221; module_alignment=&#8221;center&#8221; custom_margin=&#8221;||||false|false&#8221; custom_padding=&#8221;10px|10px|10px|10px|false|false&#8221; border_radii=&#8221;on|50%|50%|50%|50%&#8221; hover_enabled=&#8221;0&#8243; sticky_enabled=&#8221;0&#8243; max_width=&#8221;100px&#8221; max_height=&#8221;100px&#8221; height=&#8221;100px&#8221; width=&#8221;100px&#8221; title_font_size=&#8221;69px&#8221;][\/et_pb_heading][et_pb_text _builder_version=&#8221;4.27.4&#8243; _module_preset=&#8221;default&#8221; theme_builder_area=&#8221;post_content&#8221; text_orientation=&#8221;center&#8221; hover_enabled=&#8221;0&#8243; sticky_enabled=&#8221;0&#8243;]<\/p>\n<p><strong>Yliopistojen t\u00e4ydennyskoulutus tulee sis\u00e4llytt\u00e4\u00e4 yliopistojen kokonaisrahoitusmalliin.<\/strong>\u00a0Tavoitteena on samankaltainen asema mallissa kuin tutkimuksella, jossa siihen hankittu ulkoinen rahoitus kasvattaa my\u00f6s ministeri\u00f6n rahoituksen osuutta.<\/p>\n<p>[\/et_pb_text][\/et_pb_column][et_pb_column _builder_version=&#8221;4.27.4&#8243; _module_preset=&#8221;default&#8221; type=&#8221;1_3&#8243; theme_builder_area=&#8221;post_content&#8221;][et_pb_heading title=&#8221;8&#8243; _builder_version=&#8221;4.27.4&#8243; _module_preset=&#8221;default&#8221; theme_builder_area=&#8221;post_content&#8221; background_color=&#8221;#00A4AF&#8221; title_font=&#8221;|800|||||||&#8221; title_text_color=&#8221;#FFFFFF&#8221; title_text_align=&#8221;center&#8221; module_alignment=&#8221;center&#8221; custom_margin=&#8221;||||false|false&#8221; custom_padding=&#8221;10px|10px|10px|10px|false|false&#8221; border_radii=&#8221;on|50%|50%|50%|50%&#8221; hover_enabled=&#8221;0&#8243; sticky_enabled=&#8221;0&#8243; max_width=&#8221;100px&#8221; max_height=&#8221;100px&#8221; height=&#8221;100px&#8221; width=&#8221;100px&#8221; title_font_size=&#8221;69px&#8221;][\/et_pb_heading][et_pb_text _builder_version=&#8221;4.27.4&#8243; _module_preset=&#8221;default&#8221; theme_builder_area=&#8221;post_content&#8221; text_orientation=&#8221;center&#8221; hover_enabled=&#8221;0&#8243; sticky_enabled=&#8221;0&#8243;]<\/p>\n<p><strong>T\u00e4ydennyskoulutuksessa voidaan k\u00e4ynnist\u00e4\u00e4 ja tuottaa koulutuksia, joiden osia tai kokonaisuuksia voidaan my\u00f6hemmin sis\u00e4llytt\u00e4\u00e4 erikoistumiskoulutukseen ja tutkintoon johtavaan koulutukseen.\u00a0<\/strong>Uralla toimivien ty\u00f6el\u00e4m\u00e4n asiantuntijoiden koulutuksesta voidaan saada n\u00e4kemyksellisyytt\u00e4 ja kokemuksia my\u00f6s tutkinto-opiskelijoiden ohjaukseen ja ty\u00f6el\u00e4m\u00e4palveluihin.<\/p>\n<p>.<\/p>\n<p>[\/et_pb_text][\/et_pb_column][et_pb_column _builder_version=&#8221;4.27.4&#8243; _module_preset=&#8221;default&#8221; type=&#8221;1_3&#8243; theme_builder_area=&#8221;post_content&#8221;][et_pb_heading title=&#8221;9&#8243; _builder_version=&#8221;4.27.4&#8243; _module_preset=&#8221;default&#8221; theme_builder_area=&#8221;post_content&#8221; background_color=&#8221;#00A4AF&#8221; title_font=&#8221;|800|||||||&#8221; title_text_color=&#8221;#FFFFFF&#8221; title_text_align=&#8221;center&#8221; module_alignment=&#8221;center&#8221; custom_margin=&#8221;||||false|false&#8221; custom_padding=&#8221;10px|10px|10px|10px|false|false&#8221; border_radii=&#8221;on|50%|50%|50%|50%&#8221; hover_enabled=&#8221;0&#8243; sticky_enabled=&#8221;0&#8243; max_width=&#8221;100px&#8221; max_height=&#8221;100px&#8221; height=&#8221;100px&#8221; width=&#8221;100px&#8221; title_font_size=&#8221;69px&#8221;][\/et_pb_heading][et_pb_text _builder_version=&#8221;4.27.4&#8243; _module_preset=&#8221;default&#8221; theme_builder_area=&#8221;post_content&#8221; text_orientation=&#8221;center&#8221; hover_enabled=&#8221;0&#8243; sticky_enabled=&#8221;0&#8243;]<\/p>\n<p><strong>Yliopistojen tulee kehitt\u00e4\u00e4 osaamisperustaisuutta ja osaamisen tunnistamisen v\u00e4lineit\u00e4 osana jatkuvan oppimisen tarjontaa.<\/strong>\u00a0Jatkuvassa oppimisessa osaamisen validointi tarjoaa tehokkaampia ja nopeampia koulutusv\u00e4yli\u00e4, joiden kautta asiantuntijat voivat keskitty\u00e4 osaamisen t\u00e4ydent\u00e4miseen ja syvent\u00e4miseen.<\/p>\n<p>[\/et_pb_text][\/et_pb_column][\/et_pb_row][et_pb_row _builder_version=&#8221;4.27.4&#8243; _module_preset=&#8221;default&#8221; theme_builder_area=&#8221;post_content&#8221; column_structure=&#8221;1_3,1_3,1_3&#8243;][et_pb_column _builder_version=&#8221;4.27.4&#8243; _module_preset=&#8221;default&#8221; type=&#8221;1_3&#8243; theme_builder_area=&#8221;post_content&#8221;][\/et_pb_column][et_pb_column _builder_version=&#8221;4.27.4&#8243; _module_preset=&#8221;default&#8221; type=&#8221;1_3&#8243; theme_builder_area=&#8221;post_content&#8221;][et_pb_heading title=&#8221;10&#8243; _builder_version=&#8221;4.27.4&#8243; _module_preset=&#8221;default&#8221; theme_builder_area=&#8221;post_content&#8221; background_color=&#8221;#00A4AF&#8221; title_font=&#8221;|800|||||||&#8221; title_text_color=&#8221;#FFFFFF&#8221; title_text_align=&#8221;center&#8221; module_alignment=&#8221;center&#8221; custom_margin=&#8221;||||false|false&#8221; custom_padding=&#8221;10px|10px|10px|10px|false|false&#8221; border_radii=&#8221;on|50%|50%|50%|50%&#8221; hover_enabled=&#8221;0&#8243; sticky_enabled=&#8221;0&#8243; max_width=&#8221;100px&#8221; max_height=&#8221;100px&#8221; height=&#8221;100px&#8221; width=&#8221;100px&#8221; title_font_size=&#8221;69px&#8221;][\/et_pb_heading][et_pb_text _builder_version=&#8221;4.27.4&#8243; _module_preset=&#8221;default&#8221; theme_builder_area=&#8221;post_content&#8221; text_orientation=&#8221;center&#8221; hover_enabled=&#8221;0&#8243; sticky_enabled=&#8221;0&#8243;]<\/p>\n<p><strong>T\u00e4ydennyskoulutustoimijoiden erityinen osaaminen yhteiskunnallisessa vuorovaikutuksessa vahvistaa yliopiston kyky\u00e4 uudistaa ty\u00f6el\u00e4m\u00e4\u00e4.<\/strong>\u00a0Asiantuntijaty\u00f6n korkea laatu edellytt\u00e4\u00e4 reflektoivaa ja tutkimusperustaista osaamisen yll\u00e4pitoa ja kehitt\u00e4mist\u00e4. T\u00e4ydennyskoulutus tukee sek\u00e4 asiantuntijaty\u00f6n tuloksellisuutta ett\u00e4 asiantuntijoiden ty\u00f6hyvinvointia.<\/p>\n<p>[\/et_pb_text][\/et_pb_column][et_pb_column _builder_version=&#8221;4.27.4&#8243; _module_preset=&#8221;default&#8221; type=&#8221;1_3&#8243; theme_builder_area=&#8221;post_content&#8221;][\/et_pb_column][\/et_pb_row][\/et_pb_section]<\/p>\n","protected":false},"excerpt":{"rendered":"<p>UCEF-verkoston ty\u00f6valiokunnassa on kev\u00e4\u00e4n 2020 aikana k\u00e4yty runsasta keskustelua t\u00e4ydennyskoulutuksen asemasta jatkuvan oppimisen kokonaisuudessa. Keskustelujen tuloksena tuotimme kymmenen teesi\u00e4 t\u00e4ydennyskoulutuksesta:Yliopistojen t\u00e4ydennyskoulutus on merkitt\u00e4v\u00e4 osa jatkuvaa oppimista.\u00a0Liiketoimintaperusteinen t\u00e4ydennyskoulutus mahdollistaa yksil\u00f6ille ja organisaatioille uusimpaan tutkimukseen perustuvat, ty\u00f6el\u00e4m\u00e4n nopeasti muuttuviin tarpeisiin vastaavat koulutukset. Yhteisrahoitteinen t\u00e4ydennyskoulutus taas mahdollistaa toimialojen uudistamisen.Maksullinen ja liiketoimintaperusteinen t\u00e4ydennyskoulutus on v\u00e4yl\u00e4 yliopistolle ymm\u00e4rt\u00e4\u00e4 ty\u00f6n, asiantuntemuksen [&hellip;]<\/p>\n","protected":false},"author":1,"featured_media":281,"parent":90,"menu_order":0,"comment_status":"closed","ping_status":"closed","template":"","meta":{"_et_pb_use_builder":"on","_et_pb_old_content":"","_et_gb_content_width":"","footnotes":""},"class_list":["post-101","page","type-page","status-publish","has-post-thumbnail","hentry"],"yoast_head":"<!-- This site is optimized with the Yoast SEO plugin v26.2 - https:\/\/yoast.com\/wordpress\/plugins\/seo\/ -->\n<title>Kymmenen teesi\u00e4 t\u00e4ydennyskoulutuksesta - UCEF<\/title>\n<meta name=\"robots\" content=\"index, follow, max-snippet:-1, max-image-preview:large, max-video-preview:-1\" \/>\n<link rel=\"canonical\" href=\"https:\/\/ucef.fi\/index.php\/ucef\/kymmenen-teesia-taydennyskoulutuksesta\/\" \/>\n<meta property=\"og:locale\" content=\"fi_FI\" \/>\n<meta property=\"og:type\" content=\"article\" \/>\n<meta property=\"og:title\" content=\"Kymmenen teesi\u00e4 t\u00e4ydennyskoulutuksesta - UCEF\" \/>\n<meta property=\"og:description\" content=\"UCEF-verkoston ty\u00f6valiokunnassa on kev\u00e4\u00e4n 2020 aikana k\u00e4yty runsasta keskustelua t\u00e4ydennyskoulutuksen asemasta jatkuvan oppimisen kokonaisuudessa. Keskustelujen tuloksena tuotimme kymmenen teesi\u00e4 t\u00e4ydennyskoulutuksesta:Yliopistojen t\u00e4ydennyskoulutus on merkitt\u00e4v\u00e4 osa jatkuvaa oppimista.\u00a0Liiketoimintaperusteinen t\u00e4ydennyskoulutus mahdollistaa yksil\u00f6ille ja organisaatioille uusimpaan tutkimukseen perustuvat, ty\u00f6el\u00e4m\u00e4n nopeasti muuttuviin tarpeisiin vastaavat koulutukset. Yhteisrahoitteinen t\u00e4ydennyskoulutus taas mahdollistaa toimialojen uudistamisen.Maksullinen ja liiketoimintaperusteinen t\u00e4ydennyskoulutus on v\u00e4yl\u00e4 yliopistolle ymm\u00e4rt\u00e4\u00e4 ty\u00f6n, asiantuntemuksen [&hellip;]\" \/>\n<meta property=\"og:url\" content=\"https:\/\/ucef.fi\/index.php\/ucef\/kymmenen-teesia-taydennyskoulutuksesta\/\" \/>\n<meta property=\"og:site_name\" content=\"UCEF\" \/>\n<meta property=\"article:modified_time\" content=\"2025-05-16T10:30:07+00:00\" \/>\n<meta property=\"og:image\" content=\"https:\/\/ucef.fi\/wp-content\/uploads\/2025\/05\/pexels-reneterp-2505056-scaled.jpg\" \/>\n\t<meta property=\"og:image:width\" content=\"2560\" \/>\n\t<meta property=\"og:image:height\" content=\"1707\" \/>\n\t<meta property=\"og:image:type\" content=\"image\/jpeg\" \/>\n<meta name=\"twitter:card\" content=\"summary_large_image\" \/>\n<meta name=\"twitter:label1\" content=\"Arvioitu lukuaika\" \/>\n\t<meta name=\"twitter:data1\" content=\"3 minuuttia\" \/>\n<script type=\"application\/ld+json\" class=\"yoast-schema-graph\">{\"@context\":\"https:\/\/schema.org\",\"@graph\":[{\"@type\":\"WebPage\",\"@id\":\"https:\/\/ucef.fi\/index.php\/ucef\/kymmenen-teesia-taydennyskoulutuksesta\/\",\"url\":\"https:\/\/ucef.fi\/index.php\/ucef\/kymmenen-teesia-taydennyskoulutuksesta\/\",\"name\":\"Kymmenen teesi\u00e4 t\u00e4ydennyskoulutuksesta - UCEF\",\"isPartOf\":{\"@id\":\"https:\/\/ucef.fi\/#website\"},\"primaryImageOfPage\":{\"@id\":\"https:\/\/ucef.fi\/index.php\/ucef\/kymmenen-teesia-taydennyskoulutuksesta\/#primaryimage\"},\"image\":{\"@id\":\"https:\/\/ucef.fi\/index.php\/ucef\/kymmenen-teesia-taydennyskoulutuksesta\/#primaryimage\"},\"thumbnailUrl\":\"https:\/\/ucef.fi\/wp-content\/uploads\/2025\/05\/pexels-reneterp-2505056-scaled.jpg\",\"datePublished\":\"2025-05-02T08:00:38+00:00\",\"dateModified\":\"2025-05-16T10:30:07+00:00\",\"breadcrumb\":{\"@id\":\"https:\/\/ucef.fi\/index.php\/ucef\/kymmenen-teesia-taydennyskoulutuksesta\/#breadcrumb\"},\"inLanguage\":\"fi\",\"potentialAction\":[{\"@type\":\"ReadAction\",\"target\":[\"https:\/\/ucef.fi\/index.php\/ucef\/kymmenen-teesia-taydennyskoulutuksesta\/\"]}]},{\"@type\":\"ImageObject\",\"inLanguage\":\"fi\",\"@id\":\"https:\/\/ucef.fi\/index.php\/ucef\/kymmenen-teesia-taydennyskoulutuksesta\/#primaryimage\",\"url\":\"https:\/\/ucef.fi\/wp-content\/uploads\/2025\/05\/pexels-reneterp-2505056-scaled.jpg\",\"contentUrl\":\"https:\/\/ucef.fi\/wp-content\/uploads\/2025\/05\/pexels-reneterp-2505056-scaled.jpg\",\"width\":2560,\"height\":1707},{\"@type\":\"BreadcrumbList\",\"@id\":\"https:\/\/ucef.fi\/index.php\/ucef\/kymmenen-teesia-taydennyskoulutuksesta\/#breadcrumb\",\"itemListElement\":[{\"@type\":\"ListItem\",\"position\":1,\"name\":\"Etusivu\",\"item\":\"https:\/\/ucef.fi\/index.php\/etusivu\/\"},{\"@type\":\"ListItem\",\"position\":2,\"name\":\"UCEF\",\"item\":\"https:\/\/ucef.fi\/index.php\/ucef\/\"},{\"@type\":\"ListItem\",\"position\":3,\"name\":\"Kymmenen teesi\u00e4 t\u00e4ydennyskoulutuksesta\"}]},{\"@type\":\"WebSite\",\"@id\":\"https:\/\/ucef.fi\/#website\",\"url\":\"https:\/\/ucef.fi\/\",\"name\":\"UCEF\",\"description\":\"Yliopistojen t\u00e4ydennyskoulutustoimijoiden yhteisty\u00f6verkosto\",\"potentialAction\":[{\"@type\":\"SearchAction\",\"target\":{\"@type\":\"EntryPoint\",\"urlTemplate\":\"https:\/\/ucef.fi\/?s={search_term_string}\"},\"query-input\":{\"@type\":\"PropertyValueSpecification\",\"valueRequired\":true,\"valueName\":\"search_term_string\"}}],\"inLanguage\":\"fi\"}]}<\/script>\n<!-- \/ Yoast SEO plugin. -->","yoast_head_json":{"title":"Kymmenen teesi\u00e4 t\u00e4ydennyskoulutuksesta - UCEF","robots":{"index":"index","follow":"follow","max-snippet":"max-snippet:-1","max-image-preview":"max-image-preview:large","max-video-preview":"max-video-preview:-1"},"canonical":"https:\/\/ucef.fi\/index.php\/ucef\/kymmenen-teesia-taydennyskoulutuksesta\/","og_locale":"fi_FI","og_type":"article","og_title":"Kymmenen teesi\u00e4 t\u00e4ydennyskoulutuksesta - UCEF","og_description":"UCEF-verkoston ty\u00f6valiokunnassa on kev\u00e4\u00e4n 2020 aikana k\u00e4yty runsasta keskustelua t\u00e4ydennyskoulutuksen asemasta jatkuvan oppimisen kokonaisuudessa. Keskustelujen tuloksena tuotimme kymmenen teesi\u00e4 t\u00e4ydennyskoulutuksesta:Yliopistojen t\u00e4ydennyskoulutus on merkitt\u00e4v\u00e4 osa jatkuvaa oppimista.\u00a0Liiketoimintaperusteinen t\u00e4ydennyskoulutus mahdollistaa yksil\u00f6ille ja organisaatioille uusimpaan tutkimukseen perustuvat, ty\u00f6el\u00e4m\u00e4n nopeasti muuttuviin tarpeisiin vastaavat koulutukset. Yhteisrahoitteinen t\u00e4ydennyskoulutus taas mahdollistaa toimialojen uudistamisen.Maksullinen ja liiketoimintaperusteinen t\u00e4ydennyskoulutus on v\u00e4yl\u00e4 yliopistolle ymm\u00e4rt\u00e4\u00e4 ty\u00f6n, asiantuntemuksen [&hellip;]","og_url":"https:\/\/ucef.fi\/index.php\/ucef\/kymmenen-teesia-taydennyskoulutuksesta\/","og_site_name":"UCEF","article_modified_time":"2025-05-16T10:30:07+00:00","og_image":[{"width":2560,"height":1707,"url":"https:\/\/ucef.fi\/wp-content\/uploads\/2025\/05\/pexels-reneterp-2505056-scaled.jpg","type":"image\/jpeg"}],"twitter_card":"summary_large_image","twitter_misc":{"Arvioitu lukuaika":"3 minuuttia"},"schema":{"@context":"https:\/\/schema.org","@graph":[{"@type":"WebPage","@id":"https:\/\/ucef.fi\/index.php\/ucef\/kymmenen-teesia-taydennyskoulutuksesta\/","url":"https:\/\/ucef.fi\/index.php\/ucef\/kymmenen-teesia-taydennyskoulutuksesta\/","name":"Kymmenen teesi\u00e4 t\u00e4ydennyskoulutuksesta - UCEF","isPartOf":{"@id":"https:\/\/ucef.fi\/#website"},"primaryImageOfPage":{"@id":"https:\/\/ucef.fi\/index.php\/ucef\/kymmenen-teesia-taydennyskoulutuksesta\/#primaryimage"},"image":{"@id":"https:\/\/ucef.fi\/index.php\/ucef\/kymmenen-teesia-taydennyskoulutuksesta\/#primaryimage"},"thumbnailUrl":"https:\/\/ucef.fi\/wp-content\/uploads\/2025\/05\/pexels-reneterp-2505056-scaled.jpg","datePublished":"2025-05-02T08:00:38+00:00","dateModified":"2025-05-16T10:30:07+00:00","breadcrumb":{"@id":"https:\/\/ucef.fi\/index.php\/ucef\/kymmenen-teesia-taydennyskoulutuksesta\/#breadcrumb"},"inLanguage":"fi","potentialAction":[{"@type":"ReadAction","target":["https:\/\/ucef.fi\/index.php\/ucef\/kymmenen-teesia-taydennyskoulutuksesta\/"]}]},{"@type":"ImageObject","inLanguage":"fi","@id":"https:\/\/ucef.fi\/index.php\/ucef\/kymmenen-teesia-taydennyskoulutuksesta\/#primaryimage","url":"https:\/\/ucef.fi\/wp-content\/uploads\/2025\/05\/pexels-reneterp-2505056-scaled.jpg","contentUrl":"https:\/\/ucef.fi\/wp-content\/uploads\/2025\/05\/pexels-reneterp-2505056-scaled.jpg","width":2560,"height":1707},{"@type":"BreadcrumbList","@id":"https:\/\/ucef.fi\/index.php\/ucef\/kymmenen-teesia-taydennyskoulutuksesta\/#breadcrumb","itemListElement":[{"@type":"ListItem","position":1,"name":"Etusivu","item":"https:\/\/ucef.fi\/index.php\/etusivu\/"},{"@type":"ListItem","position":2,"name":"UCEF","item":"https:\/\/ucef.fi\/index.php\/ucef\/"},{"@type":"ListItem","position":3,"name":"Kymmenen teesi\u00e4 t\u00e4ydennyskoulutuksesta"}]},{"@type":"WebSite","@id":"https:\/\/ucef.fi\/#website","url":"https:\/\/ucef.fi\/","name":"UCEF","description":"Yliopistojen t\u00e4ydennyskoulutustoimijoiden yhteisty\u00f6verkosto","potentialAction":[{"@type":"SearchAction","target":{"@type":"EntryPoint","urlTemplate":"https:\/\/ucef.fi\/?s={search_term_string}"},"query-input":{"@type":"PropertyValueSpecification","valueRequired":true,"valueName":"search_term_string"}}],"inLanguage":"fi"}]}},"_links":{"self":[{"href":"https:\/\/ucef.fi\/index.php\/wp-json\/wp\/v2\/pages\/101","targetHints":{"allow":["GET"]}}],"collection":[{"href":"https:\/\/ucef.fi\/index.php\/wp-json\/wp\/v2\/pages"}],"about":[{"href":"https:\/\/ucef.fi\/index.php\/wp-json\/wp\/v2\/types\/page"}],"author":[{"embeddable":true,"href":"https:\/\/ucef.fi\/index.php\/wp-json\/wp\/v2\/users\/1"}],"replies":[{"embeddable":true,"href":"https:\/\/ucef.fi\/index.php\/wp-json\/wp\/v2\/comments?post=101"}],"version-history":[{"count":8,"href":"https:\/\/ucef.fi\/index.php\/wp-json\/wp\/v2\/pages\/101\/revisions"}],"predecessor-version":[{"id":287,"href":"https:\/\/ucef.fi\/index.php\/wp-json\/wp\/v2\/pages\/101\/revisions\/287"}],"up":[{"embeddable":true,"href":"https:\/\/ucef.fi\/index.php\/wp-json\/wp\/v2\/pages\/90"}],"wp:featuredmedia":[{"embeddable":true,"href":"https:\/\/ucef.fi\/index.php\/wp-json\/wp\/v2\/media\/281"}],"wp:attachment":[{"href":"https:\/\/ucef.fi\/index.php\/wp-json\/wp\/v2\/media?parent=101"}],"curies":[{"name":"wp","href":"https:\/\/api.w.org\/{rel}","templated":true}]}}